{"id":20068,"date":"2026-01-04T10:10:52","date_gmt":"2026-01-04T08:10:52","guid":{"rendered":"https:\/\/dev.aortic-africa.org\/conference\/"},"modified":"2026-01-26T12:19:14","modified_gmt":"2026-01-26T10:19:14","slug":"conference","status":"publish","type":"page","link":"https:\/\/aortic-africa.org\/fr\/conference\/","title":{"rendered":"Conf\u00e9rence"},"content":{"rendered":"\t\t<div data-elementor-type=\"wp-page\" data-elementor-id=\"20068\" class=\"elementor elementor-20068 elementor-19437\" data-elementor-post-type=\"page\">\n\t\t\t\t<div class=\"elementor-element elementor-element-4ef220b e-flex e-con-boxed e-con e-parent\" data-id=\"4ef220b\" data-element_type=\"container\" data-e-type=\"container\" data-settings=\"{&quot;jet_parallax_layout_list&quot;:[]}\">\n\t\t\t\t\t<div class=\"e-con-inner\">\n\t\t\t\t<div class=\"elementor-element elementor-element-0970136 elementor-widget elementor-widget-heading\" data-id=\"0970136\" data-element_type=\"widget\" data-e-type=\"widget\" data-widget_type=\"heading.default\">\n\t\t\t\t\t<h2 class=\"elementor-heading-title elementor-size-default\">\u00c0 propos<\/h2>\t\t\t\t<\/div>\n\t\t\t\t\t<\/div>\n\t\t\t\t<\/div>\n\t\t<div class=\"elementor-element elementor-element-536665b e-flex e-con-boxed e-con e-parent\" data-id=\"536665b\" data-element_type=\"container\" data-e-type=\"container\" data-settings=\"{&quot;jet_parallax_layout_list&quot;:[]}\">\n\t\t\t\t\t<div class=\"e-con-inner\">\n\t\t\t\t<div class=\"elementor-element elementor-element-0552bcb elementor-widget elementor-widget-text-editor\" data-id=\"0552bcb\" data-element_type=\"widget\" data-e-type=\"widget\" data-widget_type=\"text-editor.default\">\n\t\t\t\t\t\t\t\t\t<p>L&rsquo;AORTIC est fi\u00e8re d&rsquo;organiser une conf\u00e9rence biennale. Nous nous appuyons sur une exp\u00e9rience constante en la mati\u00e8re depuis la cr\u00e9ation de l&rsquo;organisation dans les ann\u00e9es 1980, r\u00e9ussissant m\u00eame \u00e0 nous r\u00e9unir virtuellement pendant la pand\u00e9mie de Covid-19. <\/p><p>Notre conf\u00e9rence est une plateforme unique qui rassemble les principaux professionnels de la sant\u00e9 africains et internationaux sp\u00e9cialis\u00e9s dans les soins contre le cancer, des d\u00e9fenseurs, des dirigeants gouvernementaux et divers membres de l&rsquo;industrie internationale de la sant\u00e9 et de la communaut\u00e9 mondiale de lutte contre le cancer, afin de se rencontrer et de discuter des questions li\u00e9es au cancer et de proposer des solutions pour r\u00e9duire consid\u00e9rablement l&rsquo;impact du cancer en Afrique et dans le monde entier.<\/p><p>Les conf\u00e9rences visent \u00e0 r\u00e9unir la communaut\u00e9 de lutte contre le cancer afin d&rsquo;avoir un impact sur le cancer en Afrique en partageant la recherche africaine et les meilleures pratiques, ainsi qu&rsquo;en cr\u00e9ant un environnement pour renforcer la collaboration et \u00e9tablir des partenariats pour l&rsquo;action aux niveaux national, r\u00e9gional et international.<\/p>\t\t\t\t\t\t\t\t<\/div>\n\t\t\t\t<div class=\"elementor-element elementor-element-0fa4bcc elementor-widget elementor-widget-heading\" data-id=\"0fa4bcc\" data-element_type=\"widget\" data-e-type=\"widget\" data-widget_type=\"heading.default\">\n\t\t\t\t\t<h2 class=\"elementor-heading-title elementor-size-default\">AORTIC 2027<\/h2>\t\t\t\t<\/div>\n\t\t\t\t<div class=\"elementor-element elementor-element-1b15bc8 elementor-widget elementor-widget-text-editor\" data-id=\"1b15bc8\" data-element_type=\"widget\" data-e-type=\"widget\" data-widget_type=\"text-editor.default\">\n\t\t\t\t\t\t\t\t\t<p>Nous sommes impatients de vous accueillir \u00e0 la 16e Conf\u00e9rence internationale de l&rsquo;AORTIC sur le cancer en Afrique, qui se tiendra \u00e0 Nairobi, au Kenya. Nous travaillons avec notre comit\u00e9 d&rsquo;organisation local [AJOUTER des d\u00e9tails], plus de d\u00e9tails \u00e0 venir prochainement. <\/p>\t\t\t\t\t\t\t\t<\/div>\n\t\t\t\t<div class=\"elementor-element elementor-element-e0d08c3 elementor-widget elementor-widget-heading\" data-id=\"e0d08c3\" data-element_type=\"widget\" data-e-type=\"widget\" data-widget_type=\"heading.default\">\n\t\t\t\t\t<h2 class=\"elementor-heading-title elementor-size-default\">AORTIC 2025<\/h2>\t\t\t\t<\/div>\n\t\t\t\t<div class=\"elementor-element elementor-element-5a402de dce_masking-none elementor-widget elementor-widget-image\" data-id=\"5a402de\" data-element_type=\"widget\" data-e-type=\"widget\" data-widget_type=\"image.default\">\n\t\t\t\t\t\t\t\t\t\t\t\t\t\t\t<img fetchpriority=\"high\" decoding=\"async\" width=\"300\" height=\"169\" src=\"https:\/\/aortic-africa.org\/wp-content\/uploads\/2026\/01\/AORTIC-2025-1536x864-1-300x169.jpg\" class=\"attachment-medium size-medium wp-image-20069\" alt=\"\" srcset=\"https:\/\/aortic-africa.org\/wp-content\/uploads\/2026\/01\/AORTIC-2025-1536x864-1-300x169.jpg 300w, https:\/\/aortic-africa.org\/wp-content\/uploads\/2026\/01\/AORTIC-2025-1536x864-1-1024x576.jpg 1024w, https:\/\/aortic-africa.org\/wp-content\/uploads\/2026\/01\/AORTIC-2025-1536x864-1-768x432.jpg 768w, https:\/\/aortic-africa.org\/wp-content\/uploads\/2026\/01\/AORTIC-2025-1536x864-1.jpg 1536w\" sizes=\"(max-width: 300px) 100vw, 300px\" \/>\t\t\t\t\t\t\t\t\t\t\t\t\t\t\t<\/div>\n\t\t\t\t<div class=\"elementor-element elementor-element-98a0111 elementor-widget elementor-widget-text-editor\" data-id=\"98a0111\" data-element_type=\"widget\" data-e-type=\"widget\" data-widget_type=\"text-editor.default\">\n\t\t\t\t\t\t\t\t\t<p><strong>Hammamet, Tunisie<\/strong><\/p><p>La 15e Conf\u00e9rence internationale de l&rsquo;AORTIC sur le cancer en Afrique s&rsquo;est d\u00e9roul\u00e9e en Afrique du Nord, dans la ville d&rsquo;Hammamet, en Tunisie, du 2 au 5 novembre 2025, sur le th\u00e8me \u00ab&nbsp;Faire progresser les soins contre le cancer en Afrique&nbsp;: l&rsquo;\u00e9quit\u00e9 par l&rsquo;autonomisation de la recherche et de l&rsquo;\u00e9ducation. Exploiter le partenariat africain pour am\u00e9liorer la qualit\u00e9 des soins contre le cancer et les r\u00e9sultats pour les patients&nbsp;\u00bb.<\/p><p>Nous saisissons cette occasion pour remercier les b\u00e9n\u00e9voles du comit\u00e9 du programme scientifique [AJOUTER un lien direct vers la page ou le rapport de la conf\u00e9rence] et le comit\u00e9 d&rsquo;organisation local [AJOUTER un lien direct vers la page de la conf\u00e9rence avec des d\u00e9tails] pour leur expertise et leurs id\u00e9es qui ont contribu\u00e9 \u00e0 faire de cette conf\u00e9rence un \u00e9v\u00e9nement de grande qualit\u00e9 et tr\u00e8s fr\u00e9quent\u00e9, dont nous avons tous profit\u00e9.<\/p><p>&#8211; Rapport de conf\u00e9rence t\u00e9l\u00e9chargeable (\u00e0 fournir par l&rsquo;AORTIC)<\/p><p>&#8211; Lien vers le livret de r\u00e9sum\u00e9s (le cas \u00e9ch\u00e9ant)<\/p>\t\t\t\t\t\t\t\t<\/div>\n\t\t\t\t<div class=\"elementor-element elementor-element-909cc4e elementor-widget elementor-widget-heading\" data-id=\"909cc4e\" data-element_type=\"widget\" data-e-type=\"widget\" data-widget_type=\"heading.default\">\n\t\t\t\t\t<h2 class=\"elementor-heading-title elementor-size-default\">AORTIC 2023<\/h2>\t\t\t\t<\/div>\n\t\t\t\t<div class=\"elementor-element elementor-element-a9207be dce_masking-none elementor-widget elementor-widget-image\" data-id=\"a9207be\" data-element_type=\"widget\" data-e-type=\"widget\" data-widget_type=\"image.default\">\n\t\t\t\t\t\t\t\t\t\t\t\t\t\t\t<img decoding=\"async\" width=\"300\" height=\"209\" src=\"https:\/\/aortic-africa.org\/wp-content\/uploads\/2026\/01\/1699752803149-300x209.jpg\" class=\"attachment-medium size-medium wp-image-20070\" alt=\"\" srcset=\"https:\/\/aortic-africa.org\/wp-content\/uploads\/2026\/01\/1699752803149-300x209.jpg 300w, https:\/\/aortic-africa.org\/wp-content\/uploads\/2026\/01\/1699752803149-768x536.jpg 768w, https:\/\/aortic-africa.org\/wp-content\/uploads\/2026\/01\/1699752803149.jpg 800w\" sizes=\"(max-width: 300px) 100vw, 300px\" \/>\t\t\t\t\t\t\t\t\t\t\t\t\t\t\t<\/div>\n\t\t\t\t<div class=\"elementor-element elementor-element-62f5331 elementor-widget elementor-widget-text-editor\" data-id=\"62f5331\" data-element_type=\"widget\" data-e-type=\"widget\" data-widget_type=\"text-editor.default\">\n\t\t\t\t\t\t\t\t\t<p>La 14e Conf\u00e9rence internationale de l&rsquo;AORTIC sur le cancer en Afrique s&rsquo;est d\u00e9roul\u00e9e \u00e0 Dakar du 2 au 6 novembre 2023, r\u00e9unissant des sp\u00e9cialistes multidisciplinaires de la communaut\u00e9 mondiale de lutte contre le cancer afin de r\u00e9duire l&rsquo;impact du cancer en Afrique.<\/p><p>&#8211; Rapport de conf\u00e9rence t\u00e9l\u00e9chargeable (\u00e0 fournir par l&rsquo;AORTIC)<\/p><p>&#8211; Lien vers le livret de r\u00e9sum\u00e9s (le cas \u00e9ch\u00e9ant)<\/p>\t\t\t\t\t\t\t\t<\/div>\n\t\t\t\t\t<\/div>\n\t\t\t\t<\/div>\n\t\t<div class=\"elementor-element elementor-element-1399e2b e-flex e-con-boxed e-con e-parent\" data-id=\"1399e2b\" data-element_type=\"container\" data-e-type=\"container\" data-settings=\"{&quot;jet_parallax_layout_list&quot;:[]}\">\n\t\t\t\t\t<div class=\"e-con-inner\">\n\t\t\t\t<div class=\"elementor-element elementor-element-f020664 elementor-widget elementor-widget-heading\" data-id=\"f020664\" data-element_type=\"widget\" data-e-type=\"widget\" data-widget_type=\"heading.default\">\n\t\t\t\t\t<h2 class=\"elementor-heading-title elementor-size-default\">Organiser la conf\u00e9rence biennale de l'AORTIC<\/h2>\t\t\t\t<\/div>\n\t\t\t\t<div class=\"elementor-element elementor-element-2013111 elementor-widget elementor-widget-text-editor\" data-id=\"2013111\" data-element_type=\"widget\" data-e-type=\"widget\" data-widget_type=\"text-editor.default\">\n\t\t\t\t\t\t\t\t\t<p>Le lieu de la conf\u00e9rence de l&rsquo;AORTIC dans deux ans est annonc\u00e9 au moment de la conf\u00e9rence actuelle. Les futures conf\u00e9rences sont s\u00e9lectionn\u00e9es au moyen d&rsquo;un processus d&rsquo;appel d&rsquo;offres. <\/p><p>Un appel \u00e0 manifestation d&rsquo;int\u00e9r\u00eat pour accueillir la conf\u00e9rence sera annonc\u00e9 \u00e0 tous les membres de l&rsquo;AORTIC.<\/p>\t\t\t\t\t\t\t\t<\/div>\n\t\t\t\t<div class=\"elementor-element elementor-element-5e1670b elementor-widget elementor-widget-text-editor\" data-id=\"5e1670b\" data-element_type=\"widget\" data-e-type=\"widget\" data-widget_type=\"text-editor.default\">\n\t\t\t\t\t\t\t\t\t<p><strong>Admissibilit\u00e9<\/strong><\/p><p>Les manifestations d&rsquo;int\u00e9r\u00eat pour accueillir la conf\u00e9rence de l&rsquo;AORTIC sont les bienvenues de la part de tout membre individuel en r\u00e8gle aupr\u00e8s du Conseil de l&rsquo;AORTIC, ainsi que&nbsp;:<\/p><p>\u00b7 Une lettre de soutien du PDG ou du directeur g\u00e9n\u00e9ral de l&rsquo;organisation soutenant la candidature, indiquant l&rsquo;engagement institutionnel.<\/p><p>\u00b7 Une lettre de soutien de l&rsquo;office de tourisme ou du bureau des congr\u00e8s propos\u00e9, d\u00e9taillant la capacit\u00e9 de la destination \u00e0 accueillir un \u00e9v\u00e9nement d&rsquo;un tel calibre.<\/p><p>Veuillez contacter le secr\u00e9tariat [AJOUTER un contact par e-mail]. De plus amples d\u00e9tails et crit\u00e8res pour la soumission compl\u00e8te se trouvent dans le manuel d&rsquo;appel d&rsquo;offres. Les principaux crit\u00e8res sont structur\u00e9s autour des domaines suivants&nbsp;:  <\/p><p>\u00b7 La ville h\u00f4te propos\u00e9e n&rsquo;a pas accueilli r\u00e9cemment une conf\u00e9rence de l&rsquo;AORTIC [AJOUTER un lien vers les archives des conf\u00e9rences]<\/p><p>\u00b7 Un comit\u00e9 d&rsquo;organisation local (COL) provisoire est nomm\u00e9.<\/p><p>\u00b7 Les dates provisoires de la r\u00e9union \u00e9vitent un conflit avec d&rsquo;autres grandes r\u00e9unions sur le cancer et les f\u00eates religieuses reconnues.<\/p><p>\u00b7 Un h\u00e9bergement pour les d\u00e9l\u00e9gu\u00e9s est disponible dans toutes les gammes de prix.<\/p><p>\u00b7 L&rsquo;infrastructure pour une conf\u00e9rence de 1&nbsp;000 \u00e0 1&nbsp;500&nbsp;d\u00e9l\u00e9gu\u00e9s existe.<\/p><p>\u00b7 Le centre de conf\u00e9rence est facilement accessible depuis l&rsquo;h\u00e9bergement (de pr\u00e9f\u00e9rence \u00e0 quelques pas).<\/p><p>\u00b7 La ville est facilement et fr\u00e9quemment accessible par transport a\u00e9rien\/terrestre.<\/p><p>\u00b7 Le co\u00fbt probable de la participation au congr\u00e8s est acceptable pour les d\u00e9l\u00e9gu\u00e9s potentiels.<\/p><p> <\/p><p><strong>Rotation g\u00e9ographique<\/strong><\/p><p>L&rsquo;AORTIC s&rsquo;efforce d&rsquo;organiser la conf\u00e9rence dans toutes les diff\u00e9rentes sous-r\u00e9gions d&rsquo;Afrique sur une p\u00e9riode de quelques ann\u00e9es. Il n&rsquo;y a cependant pas de rotation stricte. <\/p>\t\t\t\t\t\t\t\t<\/div>\n\t\t\t\t\t<\/div>\n\t\t\t\t<\/div>\n\t\t<div class=\"elementor-element elementor-element-2a44a33 e-flex e-con-boxed e-con e-parent\" data-id=\"2a44a33\" data-element_type=\"container\" data-e-type=\"container\" data-settings=\"{&quot;jet_parallax_layout_list&quot;:[]}\">\n\t\t\t\t\t<div class=\"e-con-inner\">\n\t\t\t\t<div class=\"elementor-element elementor-element-0fd5ebd elementor-widget elementor-widget-heading\" data-id=\"0fd5ebd\" data-element_type=\"widget\" data-e-type=\"widget\" data-widget_type=\"heading.default\">\n\t\t\t\t\t<h2 class=\"elementor-heading-title elementor-size-default\">Appel \u00e0 manifestation d'int\u00e9r\u00eat pour la prochaine conf\u00e9rence<\/h2>\t\t\t\t<\/div>\n\t\t\t\t<div class=\"elementor-element elementor-element-a80bfd1 elementor-widget elementor-widget-text-editor\" data-id=\"a80bfd1\" data-element_type=\"widget\" data-e-type=\"widget\" data-widget_type=\"text-editor.default\">\n\t\t\t\t\t\t\t\t\t<p>Le prochain appel \u00e0 manifestation d&rsquo;int\u00e9r\u00eat concerne la conf\u00e9rence de l&rsquo;AORTIC pr\u00e9vue en novembre&nbsp;2029.<\/p><p>D\u00e9tails sur le processus \u00e0 ajouter en 2026<\/p>\t\t\t\t\t\t\t\t<\/div>\n\t\t\t\t\t<\/div>\n\t\t\t\t<\/div>\n\t\t\t\t<\/div>\n\t\t","protected":false},"excerpt":{"rendered":"<p>\u00c0 propos L&rsquo;AORTIC est fi\u00e8re d&rsquo;organiser une conf\u00e9rence biennale. Nous nous appuyons sur une exp\u00e9rience constante en la mati\u00e8re depuis la cr\u00e9ation de l&rsquo;organisation dans les ann\u00e9es 1980, r\u00e9ussissant m\u00eame [&hellip;]<\/p>\n","protected":false},"author":4156,"featured_media":0,"parent":0,"menu_order":0,"comment_status":"closed","ping_status":"closed","template":"","meta":{"_acf_changed":false,"pmpro_default_level":"","footnotes":""},"class_list":["post-20068","page","type-page","status-publish","hentry","pmpro-has-access"],"acf":[],"yoast_head":"<!-- This site is optimized with the Yoast SEO plugin v27.3 - https:\/\/yoast.com\/product\/yoast-seo-wordpress\/ -->\n<title>Conf\u00e9rence - AORTIC AFRICA<\/title>\n<meta name=\"robots\" content=\"index, follow, max-snippet:-1, max-image-preview:large, max-video-preview:-1\" \/>\n<link rel=\"canonical\" href=\"https:\/\/aortic-africa.org\/fr\/conference\/\" \/>\n<meta property=\"og:locale\" content=\"fr_FR\" \/>\n<meta property=\"og:type\" content=\"article\" \/>\n<meta property=\"og:title\" content=\"Conf\u00e9rence - AORTIC AFRICA\" \/>\n<meta property=\"og:description\" content=\"\u00c0 propos L&rsquo;AORTIC est fi\u00e8re d&rsquo;organiser une conf\u00e9rence biennale. Nous nous appuyons sur une exp\u00e9rience constante en la mati\u00e8re depuis la cr\u00e9ation de l&rsquo;organisation dans les ann\u00e9es 1980, r\u00e9ussissant m\u00eame [&hellip;]\" \/>\n<meta property=\"og:url\" content=\"https:\/\/aortic-africa.org\/fr\/conference\/\" \/>\n<meta property=\"og:site_name\" content=\"AORTIC AFRICA\" \/>\n<meta property=\"article:publisher\" content=\"https:\/\/www.facebook.com\/Aortic.Africa\/\" \/>\n<meta property=\"article:modified_time\" content=\"2026-01-26T10:19:14+00:00\" \/>\n<meta property=\"og:image\" content=\"https:\/\/dev.aortic-africa.org\/wp-content\/uploads\/2026\/01\/AORTIC-2025-1536x864-1-300x169.jpg\" \/>\n<meta name=\"twitter:card\" content=\"summary_large_image\" \/>\n<meta name=\"twitter:site\" content=\"@aortic_africa\" \/>\n<meta name=\"twitter:label1\" content=\"Dur\u00e9e de lecture estim\u00e9e\" \/>\n\t<meta name=\"twitter:data1\" content=\"4 minutes\" \/>\n<script type=\"application\/ld+json\" class=\"yoast-schema-graph\">{\"@context\":\"https:\\\/\\\/schema.org\",\"@graph\":[{\"@type\":\"WebPage\",\"@id\":\"https:\\\/\\\/aortic-africa.org\\\/fr\\\/conference\\\/\",\"url\":\"https:\\\/\\\/aortic-africa.org\\\/fr\\\/conference\\\/\",\"name\":\"Conf\u00e9rence - AORTIC AFRICA\",\"isPartOf\":{\"@id\":\"https:\\\/\\\/aortic-africa.org\\\/#website\"},\"primaryImageOfPage\":{\"@id\":\"https:\\\/\\\/aortic-africa.org\\\/fr\\\/conference\\\/#primaryimage\"},\"image\":{\"@id\":\"https:\\\/\\\/aortic-africa.org\\\/fr\\\/conference\\\/#primaryimage\"},\"thumbnailUrl\":\"https:\\\/\\\/dev.aortic-africa.org\\\/wp-content\\\/uploads\\\/2026\\\/01\\\/AORTIC-2025-1536x864-1-300x169.jpg\",\"datePublished\":\"2026-01-04T08:10:52+00:00\",\"dateModified\":\"2026-01-26T10:19:14+00:00\",\"breadcrumb\":{\"@id\":\"https:\\\/\\\/aortic-africa.org\\\/fr\\\/conference\\\/#breadcrumb\"},\"inLanguage\":\"fr-FR\",\"potentialAction\":[{\"@type\":\"ReadAction\",\"target\":[\"https:\\\/\\\/aortic-africa.org\\\/fr\\\/conference\\\/\"]}]},{\"@type\":\"ImageObject\",\"inLanguage\":\"fr-FR\",\"@id\":\"https:\\\/\\\/aortic-africa.org\\\/fr\\\/conference\\\/#primaryimage\",\"url\":\"https:\\\/\\\/dev.aortic-africa.org\\\/wp-content\\\/uploads\\\/2026\\\/01\\\/AORTIC-2025-1536x864-1-300x169.jpg\",\"contentUrl\":\"https:\\\/\\\/dev.aortic-africa.org\\\/wp-content\\\/uploads\\\/2026\\\/01\\\/AORTIC-2025-1536x864-1-300x169.jpg\"},{\"@type\":\"BreadcrumbList\",\"@id\":\"https:\\\/\\\/aortic-africa.org\\\/fr\\\/conference\\\/#breadcrumb\",\"itemListElement\":[{\"@type\":\"ListItem\",\"position\":1,\"name\":\"Home\",\"item\":\"https:\\\/\\\/aortic-africa.org\\\/fr\\\/\"},{\"@type\":\"ListItem\",\"position\":2,\"name\":\"Conf\u00e9rence\"}]},{\"@type\":\"WebSite\",\"@id\":\"https:\\\/\\\/aortic-africa.org\\\/#website\",\"url\":\"https:\\\/\\\/aortic-africa.org\\\/\",\"name\":\"AORTIC AFRICA\",\"description\":\"African Organization for Research &amp; Training in Cancer\",\"publisher\":{\"@id\":\"https:\\\/\\\/aortic-africa.org\\\/#organization\"},\"alternateName\":\"African Organization for Research & Training in Cancer\",\"potentialAction\":[{\"@type\":\"SearchAction\",\"target\":{\"@type\":\"EntryPoint\",\"urlTemplate\":\"https:\\\/\\\/aortic-africa.org\\\/?s={search_term_string}\"},\"query-input\":{\"@type\":\"PropertyValueSpecification\",\"valueRequired\":true,\"valueName\":\"search_term_string\"}}],\"inLanguage\":\"fr-FR\"},{\"@type\":\"Organization\",\"@id\":\"https:\\\/\\\/aortic-africa.org\\\/#organization\",\"name\":\"African Organisation for Research & Training in Cancer\",\"url\":\"https:\\\/\\\/aortic-africa.org\\\/\",\"logo\":{\"@type\":\"ImageObject\",\"inLanguage\":\"fr-FR\",\"@id\":\"https:\\\/\\\/aortic-africa.org\\\/#\\\/schema\\\/logo\\\/image\\\/\",\"url\":\"https:\\\/\\\/aortic-africa.org\\\/wp-content\\\/uploads\\\/2025\\\/09\\\/AORTIC-logoaortic.svg\",\"contentUrl\":\"https:\\\/\\\/aortic-africa.org\\\/wp-content\\\/uploads\\\/2025\\\/09\\\/AORTIC-logoaortic.svg\",\"width\":333,\"height\":172,\"caption\":\"African Organisation for Research & Training in Cancer\"},\"image\":{\"@id\":\"https:\\\/\\\/aortic-africa.org\\\/#\\\/schema\\\/logo\\\/image\\\/\"},\"sameAs\":[\"https:\\\/\\\/www.facebook.com\\\/Aortic.Africa\\\/\",\"https:\\\/\\\/x.com\\\/aortic_africa\",\"https:\\\/\\\/www.linkedin.com\\\/in\\\/aortic-africa-75313938\\\/\",\"https:\\\/\\\/www.youtube.com\\\/channel\\\/UC__H8k770TNa8UW_c9X_EdA\\\/\"]}]}<\/script>\n<!-- \/ Yoast SEO plugin. -->","yoast_head_json":{"title":"Conf\u00e9rence - AORTIC AFRICA","robots":{"index":"index","follow":"follow","max-snippet":"max-snippet:-1","max-image-preview":"max-image-preview:large","max-video-preview":"max-video-preview:-1"},"canonical":"https:\/\/aortic-africa.org\/fr\/conference\/","og_locale":"fr_FR","og_type":"article","og_title":"Conf\u00e9rence - AORTIC AFRICA","og_description":"\u00c0 propos L&rsquo;AORTIC est fi\u00e8re d&rsquo;organiser une conf\u00e9rence biennale. Nous nous appuyons sur une exp\u00e9rience constante en la mati\u00e8re depuis la cr\u00e9ation de l&rsquo;organisation dans les ann\u00e9es 1980, r\u00e9ussissant m\u00eame [&hellip;]","og_url":"https:\/\/aortic-africa.org\/fr\/conference\/","og_site_name":"AORTIC AFRICA","article_publisher":"https:\/\/www.facebook.com\/Aortic.Africa\/","article_modified_time":"2026-01-26T10:19:14+00:00","og_image":[{"url":"https:\/\/dev.aortic-africa.org\/wp-content\/uploads\/2026\/01\/AORTIC-2025-1536x864-1-300x169.jpg","type":"","width":"","height":""}],"twitter_card":"summary_large_image","twitter_site":"@aortic_africa","twitter_misc":{"Dur\u00e9e de lecture estim\u00e9e":"4 minutes"},"schema":{"@context":"https:\/\/schema.org","@graph":[{"@type":"WebPage","@id":"https:\/\/aortic-africa.org\/fr\/conference\/","url":"https:\/\/aortic-africa.org\/fr\/conference\/","name":"Conf\u00e9rence - AORTIC AFRICA","isPartOf":{"@id":"https:\/\/aortic-africa.org\/#website"},"primaryImageOfPage":{"@id":"https:\/\/aortic-africa.org\/fr\/conference\/#primaryimage"},"image":{"@id":"https:\/\/aortic-africa.org\/fr\/conference\/#primaryimage"},"thumbnailUrl":"https:\/\/dev.aortic-africa.org\/wp-content\/uploads\/2026\/01\/AORTIC-2025-1536x864-1-300x169.jpg","datePublished":"2026-01-04T08:10:52+00:00","dateModified":"2026-01-26T10:19:14+00:00","breadcrumb":{"@id":"https:\/\/aortic-africa.org\/fr\/conference\/#breadcrumb"},"inLanguage":"fr-FR","potentialAction":[{"@type":"ReadAction","target":["https:\/\/aortic-africa.org\/fr\/conference\/"]}]},{"@type":"ImageObject","inLanguage":"fr-FR","@id":"https:\/\/aortic-africa.org\/fr\/conference\/#primaryimage","url":"https:\/\/dev.aortic-africa.org\/wp-content\/uploads\/2026\/01\/AORTIC-2025-1536x864-1-300x169.jpg","contentUrl":"https:\/\/dev.aortic-africa.org\/wp-content\/uploads\/2026\/01\/AORTIC-2025-1536x864-1-300x169.jpg"},{"@type":"BreadcrumbList","@id":"https:\/\/aortic-africa.org\/fr\/conference\/#breadcrumb","itemListElement":[{"@type":"ListItem","position":1,"name":"Home","item":"https:\/\/aortic-africa.org\/fr\/"},{"@type":"ListItem","position":2,"name":"Conf\u00e9rence"}]},{"@type":"WebSite","@id":"https:\/\/aortic-africa.org\/#website","url":"https:\/\/aortic-africa.org\/","name":"AORTIC AFRICA","description":"African Organization for Research &amp; Training in Cancer","publisher":{"@id":"https:\/\/aortic-africa.org\/#organization"},"alternateName":"African Organization for Research & Training in Cancer","potentialAction":[{"@type":"SearchAction","target":{"@type":"EntryPoint","urlTemplate":"https:\/\/aortic-africa.org\/?s={search_term_string}"},"query-input":{"@type":"PropertyValueSpecification","valueRequired":true,"valueName":"search_term_string"}}],"inLanguage":"fr-FR"},{"@type":"Organization","@id":"https:\/\/aortic-africa.org\/#organization","name":"African Organisation for Research & Training in Cancer","url":"https:\/\/aortic-africa.org\/","logo":{"@type":"ImageObject","inLanguage":"fr-FR","@id":"https:\/\/aortic-africa.org\/#\/schema\/logo\/image\/","url":"https:\/\/aortic-africa.org\/wp-content\/uploads\/2025\/09\/AORTIC-logoaortic.svg","contentUrl":"https:\/\/aortic-africa.org\/wp-content\/uploads\/2025\/09\/AORTIC-logoaortic.svg","width":333,"height":172,"caption":"African Organisation for Research & Training in Cancer"},"image":{"@id":"https:\/\/aortic-africa.org\/#\/schema\/logo\/image\/"},"sameAs":["https:\/\/www.facebook.com\/Aortic.Africa\/","https:\/\/x.com\/aortic_africa","https:\/\/www.linkedin.com\/in\/aortic-africa-75313938\/","https:\/\/www.youtube.com\/channel\/UC__H8k770TNa8UW_c9X_EdA\/"]}]}},"_links":{"self":[{"href":"https:\/\/aortic-africa.org\/fr\/wp-json\/wp\/v2\/pages\/20068","targetHints":{"allow":["GET"]}}],"collection":[{"href":"https:\/\/aortic-africa.org\/fr\/wp-json\/wp\/v2\/pages"}],"about":[{"href":"https:\/\/aortic-africa.org\/fr\/wp-json\/wp\/v2\/types\/page"}],"author":[{"embeddable":true,"href":"https:\/\/aortic-africa.org\/fr\/wp-json\/wp\/v2\/users\/4156"}],"replies":[{"embeddable":true,"href":"https:\/\/aortic-africa.org\/fr\/wp-json\/wp\/v2\/comments?post=20068"}],"version-history":[{"count":1,"href":"https:\/\/aortic-africa.org\/fr\/wp-json\/wp\/v2\/pages\/20068\/revisions"}],"predecessor-version":[{"id":20071,"href":"https:\/\/aortic-africa.org\/fr\/wp-json\/wp\/v2\/pages\/20068\/revisions\/20071"}],"wp:attachment":[{"href":"https:\/\/aortic-africa.org\/fr\/wp-json\/wp\/v2\/media?parent=20068"}],"curies":[{"name":"wp","href":"https:\/\/api.w.org\/{rel}","templated":true}]}}