{"id":20124,"date":"2026-01-04T10:10:52","date_gmt":"2026-01-04T08:10:52","guid":{"rendered":"https:\/\/dev.aortic-africa.org\/conferencia\/"},"modified":"2026-01-26T12:20:49","modified_gmt":"2026-01-26T10:20:49","slug":"conferencia","status":"publish","type":"page","link":"https:\/\/aortic-africa.org\/pt-pt\/conferencia\/","title":{"rendered":"Confer\u00eancia"},"content":{"rendered":"\t\t<div data-elementor-type=\"wp-page\" data-elementor-id=\"20124\" class=\"elementor elementor-20124 elementor-19437\" data-elementor-post-type=\"page\">\n\t\t\t\t<div class=\"elementor-element elementor-element-4ef220b e-flex e-con-boxed e-con e-parent\" data-id=\"4ef220b\" data-element_type=\"container\" data-e-type=\"container\" data-settings=\"{&quot;jet_parallax_layout_list&quot;:[]}\">\n\t\t\t\t\t<div class=\"e-con-inner\">\n\t\t\t\t<div class=\"elementor-element elementor-element-0970136 elementor-widget elementor-widget-heading\" data-id=\"0970136\" data-element_type=\"widget\" data-e-type=\"widget\" data-widget_type=\"heading.default\">\n\t\t\t\t\t<h2 class=\"elementor-heading-title elementor-size-default\">Sobre<\/h2>\t\t\t\t<\/div>\n\t\t\t\t\t<\/div>\n\t\t\t\t<\/div>\n\t\t<div class=\"elementor-element elementor-element-536665b e-flex e-con-boxed e-con e-parent\" data-id=\"536665b\" data-element_type=\"container\" data-e-type=\"container\" data-settings=\"{&quot;jet_parallax_layout_list&quot;:[]}\">\n\t\t\t\t\t<div class=\"e-con-inner\">\n\t\t\t\t<div class=\"elementor-element elementor-element-0552bcb elementor-widget elementor-widget-text-editor\" data-id=\"0552bcb\" data-element_type=\"widget\" data-e-type=\"widget\" data-widget_type=\"text-editor.default\">\n\t\t\t\t\t\t\t\t\t<p>A AORTIC orgulha-se de promover uma confer\u00eancia bienal. Recordamos um hist\u00f3rico consistente nesse sentido desde que a organiza\u00e7\u00e3o foi estabelecida na d\u00e9cada de 1980, tendo mesmo conseguido reunir-se virtualmente durante a pandemia de Covid-19. <\/p><p>A nossa confer\u00eancia \u00e9 uma plataforma \u00fanica para reunir os principais profissionais de sa\u00fade africanos e internacionais na \u00e1rea do tratamento do cancro, defensores, l\u00edderes governamentais e v\u00e1rios membros da ind\u00fastria internacional da sa\u00fade e da comunidade global do cancro para se reunirem e discutirem assuntos relacionados com o cancro e proporem solu\u00e7\u00f5es para reduzir significativamente o impacto do cancro em \u00c1frica e, de facto, em todo o mundo.<\/p><p>As confer\u00eancias visam reunir a comunidade oncol\u00f3gica para causar impacto no cancro em \u00c1frica, partilhando investiga\u00e7\u00e3o e melhores pr\u00e1ticas africanas, bem como criando um ambiente para refor\u00e7ar a colabora\u00e7\u00e3o e construir parcerias para a a\u00e7\u00e3o a n\u00edvel nacional, regional e internacional.<\/p>\t\t\t\t\t\t\t\t<\/div>\n\t\t\t\t<div class=\"elementor-element elementor-element-0fa4bcc elementor-widget elementor-widget-heading\" data-id=\"0fa4bcc\" data-element_type=\"widget\" data-e-type=\"widget\" data-widget_type=\"heading.default\">\n\t\t\t\t\t<h2 class=\"elementor-heading-title elementor-size-default\">AORTIC 2027<\/h2>\t\t\t\t<\/div>\n\t\t\t\t<div class=\"elementor-element elementor-element-1b15bc8 elementor-widget elementor-widget-text-editor\" data-id=\"1b15bc8\" data-element_type=\"widget\" data-e-type=\"widget\" data-widget_type=\"text-editor.default\">\n\t\t\t\t\t\t\t\t\t<p>Aguardamos com expetativa a sua visita \u00e0 16.\u00aa Confer\u00eancia Internacional da AORTIC sobre o Cancro em \u00c1frica, organizada em Nairobi, no Qu\u00e9nia. Estamos a trabalhar com o nosso comit\u00e9 organizador local [ADICIONAR detalhes]. Mais detalhes em breve. <\/p>\t\t\t\t\t\t\t\t<\/div>\n\t\t\t\t<div class=\"elementor-element elementor-element-e0d08c3 elementor-widget elementor-widget-heading\" data-id=\"e0d08c3\" data-element_type=\"widget\" data-e-type=\"widget\" data-widget_type=\"heading.default\">\n\t\t\t\t\t<h2 class=\"elementor-heading-title elementor-size-default\">AORTIC 2025<\/h2>\t\t\t\t<\/div>\n\t\t\t\t<div class=\"elementor-element elementor-element-5a402de dce_masking-none elementor-widget elementor-widget-image\" data-id=\"5a402de\" data-element_type=\"widget\" data-e-type=\"widget\" data-widget_type=\"image.default\">\n\t\t\t\t\t\t\t\t\t\t\t\t\t\t\t<img fetchpriority=\"high\" decoding=\"async\" width=\"300\" height=\"169\" src=\"https:\/\/aortic-africa.org\/wp-content\/uploads\/2026\/01\/AORTIC-2025-1536x864-1-300x169.jpg\" class=\"attachment-medium size-medium wp-image-20125\" alt=\"\" srcset=\"https:\/\/aortic-africa.org\/wp-content\/uploads\/2026\/01\/AORTIC-2025-1536x864-1-300x169.jpg 300w, https:\/\/aortic-africa.org\/wp-content\/uploads\/2026\/01\/AORTIC-2025-1536x864-1-1024x576.jpg 1024w, https:\/\/aortic-africa.org\/wp-content\/uploads\/2026\/01\/AORTIC-2025-1536x864-1-768x432.jpg 768w, https:\/\/aortic-africa.org\/wp-content\/uploads\/2026\/01\/AORTIC-2025-1536x864-1.jpg 1536w\" sizes=\"(max-width: 300px) 100vw, 300px\" \/>\t\t\t\t\t\t\t\t\t\t\t\t\t\t\t<\/div>\n\t\t\t\t<div class=\"elementor-element elementor-element-98a0111 elementor-widget elementor-widget-text-editor\" data-id=\"98a0111\" data-element_type=\"widget\" data-e-type=\"widget\" data-widget_type=\"text-editor.default\">\n\t\t\t\t\t\t\t\t\t<p><strong>Hammamet, Tun\u00edsia<\/strong><\/p><p>A 15.\u00aa Confer\u00eancia Internacional da AORTIC sobre o Cancro em \u00c1frica teve lugar no Norte de \u00c1frica, na cidade de Hammamet, Tun\u00edsia, de 2 a 5 de novembro de 2025, com o tema \u201cFazer Avan\u00e7ar o Tratamento do Cancro em \u00c1frica: Equidade Atrav\u00e9s do Refor\u00e7o da Investiga\u00e7\u00e3o e Educa\u00e7\u00e3o. Aproveitar a Parceria Africana para Impulsionar a Qualidade do Tratamento do Cancro e os Resultados dos Pacientes\u201d.<\/p><p>Aproveitamos esta oportunidade para agradecer aos volunt\u00e1rios do comit\u00e9 do programa cient\u00edfico [ADICIONAR liga\u00e7\u00e3o em direto \u00e0 p\u00e1gina ou relat\u00f3rio da confer\u00eancia] e ao comit\u00e9 organizador local [ADICIONAR liga\u00e7\u00e3o em direto \u00e0 p\u00e1gina da confer\u00eancia com detalhes] pela sua experi\u00eancia e ideias que contribu\u00edram para tornar esta confer\u00eancia o evento de alta qualidade e bem frequentado que todos desfrut\u00e1mos.<\/p><p>&#8211; Relat\u00f3rio da confer\u00eancia para descarregar (a AORTIC ir\u00e1 fornecer)<\/p><p>&#8211; Liga\u00e7\u00e3o para o livro de resumos (quando dispon\u00edvel)<\/p>\t\t\t\t\t\t\t\t<\/div>\n\t\t\t\t<div class=\"elementor-element elementor-element-909cc4e elementor-widget elementor-widget-heading\" data-id=\"909cc4e\" data-element_type=\"widget\" data-e-type=\"widget\" data-widget_type=\"heading.default\">\n\t\t\t\t\t<h2 class=\"elementor-heading-title elementor-size-default\">AORTIC 2023<\/h2>\t\t\t\t<\/div>\n\t\t\t\t<div class=\"elementor-element elementor-element-a9207be dce_masking-none elementor-widget elementor-widget-image\" data-id=\"a9207be\" data-element_type=\"widget\" data-e-type=\"widget\" data-widget_type=\"image.default\">\n\t\t\t\t\t\t\t\t\t\t\t\t\t\t\t<img decoding=\"async\" width=\"300\" height=\"209\" src=\"https:\/\/aortic-africa.org\/wp-content\/uploads\/2026\/01\/1699752803149-300x209.jpg\" class=\"attachment-medium size-medium wp-image-20126\" alt=\"\" srcset=\"https:\/\/aortic-africa.org\/wp-content\/uploads\/2026\/01\/1699752803149-300x209.jpg 300w, https:\/\/aortic-africa.org\/wp-content\/uploads\/2026\/01\/1699752803149-768x536.jpg 768w, https:\/\/aortic-africa.org\/wp-content\/uploads\/2026\/01\/1699752803149.jpg 800w\" sizes=\"(max-width: 300px) 100vw, 300px\" \/>\t\t\t\t\t\t\t\t\t\t\t\t\t\t\t<\/div>\n\t\t\t\t<div class=\"elementor-element elementor-element-62f5331 elementor-widget elementor-widget-text-editor\" data-id=\"62f5331\" data-element_type=\"widget\" data-e-type=\"widget\" data-widget_type=\"text-editor.default\">\n\t\t\t\t\t\t\t\t\t<p>A 14.\u00aa Confer\u00eancia Internacional da AORTIC sobre o Cancro em \u00c1frica teve lugar em Dakar, de 2 a 6 de novembro de 2023, reunindo especialistas multidisciplinares da comunidade global do cancro para reduzir o impacto do cancro em \u00c1frica.<\/p><p>&#8211; Relat\u00f3rio da confer\u00eancia para descarregar (a AORTIC ir\u00e1 fornecer)<\/p><p>&#8211; Liga\u00e7\u00e3o para o livro de resumos (se dispon\u00edvel)<\/p>\t\t\t\t\t\t\t\t<\/div>\n\t\t\t\t\t<\/div>\n\t\t\t\t<\/div>\n\t\t<div class=\"elementor-element elementor-element-1399e2b e-flex e-con-boxed e-con e-parent\" data-id=\"1399e2b\" data-element_type=\"container\" data-e-type=\"container\" data-settings=\"{&quot;jet_parallax_layout_list&quot;:[]}\">\n\t\t\t\t\t<div class=\"e-con-inner\">\n\t\t\t\t<div class=\"elementor-element elementor-element-f020664 elementor-widget elementor-widget-heading\" data-id=\"f020664\" data-element_type=\"widget\" data-e-type=\"widget\" data-widget_type=\"heading.default\">\n\t\t\t\t\t<h2 class=\"elementor-heading-title elementor-size-default\">Organiza\u00e7\u00e3o da confer\u00eancia bienal da AORTIC<\/h2>\t\t\t\t<\/div>\n\t\t\t\t<div class=\"elementor-element elementor-element-2013111 elementor-widget elementor-widget-text-editor\" data-id=\"2013111\" data-element_type=\"widget\" data-e-type=\"widget\" data-widget_type=\"text-editor.default\">\n\t\t\t\t\t\t\t\t\t<p>O local da confer\u00eancia da AORTIC dentro de dois anos \u00e9 anunciado no momento da confer\u00eancia atual. As futuras confer\u00eancias s\u00e3o selecionadas atrav\u00e9s de um processo de concurso. <\/p><p>Um convite para manifesta\u00e7\u00f5es de interesse em acolher a confer\u00eancia ser\u00e1 anunciado a todos os membros da AORTIC.<\/p>\t\t\t\t\t\t\t\t<\/div>\n\t\t\t\t<div class=\"elementor-element elementor-element-5e1670b elementor-widget elementor-widget-text-editor\" data-id=\"5e1670b\" data-element_type=\"widget\" data-e-type=\"widget\" data-widget_type=\"text-editor.default\">\n\t\t\t\t\t\t\t\t\t<p><strong>Elegibilidade<\/strong><\/p><p>As manifesta\u00e7\u00f5es de interesse em acolher a confer\u00eancia da AORTIC s\u00e3o bem-vindas pelo Conselho da AORTIC por qualquer membro individual em situa\u00e7\u00e3o regular, juntamente com:<\/p><p>\u00b7 Uma carta de apoio do CEO ou Diretor Executivo da organiza\u00e7\u00e3o que apoia a candidatura, indicando o compromisso institucional.<\/p><p>\u00b7 Uma carta de apoio do gabinete de turismo ou centro de conven\u00e7\u00f5es proposto, detalhando a capacidade do destino em acolher um evento de tal calibre.<\/p><p>Contacte o secretariado [ADICIONAR contacto de e-mail]. Mais detalhes e crit\u00e9rios para a candidatura completa podem ser encontrados no manual de candidatura. Os principais crit\u00e9rios s\u00e3o definidos em torno dos dom\u00ednios:  <\/p><p>\u00b7 A cidade anfitri\u00e3 proposta n\u00e3o acolheu recentemente uma confer\u00eancia da AORTIC [ADICIONAR liga\u00e7\u00e3o ao arquivo de confer\u00eancias]<\/p><p>\u00b7 \u00c9 nomeado um comit\u00e9 organizador local (COL) provis\u00f3rio.<\/p><p>\u00b7 As datas provis\u00f3rias da reuni\u00e3o evitam um conflito com outras grandes reuni\u00f5es sobre o cancro e feriados religiosos reconhecidos.<\/p><p>\u00b7 O alojamento para os delegados est\u00e1 dispon\u00edvel em toda a gama de pre\u00e7os.<\/p><p>\u00b7 Existe a infraestrutura para uma confer\u00eancia de 1000-1500 delegados.<\/p><p>\u00b7 O centro de confer\u00eancias \u00e9 facilmente acess\u00edvel a partir do alojamento (de prefer\u00eancia, uma caminhada f\u00e1cil).<\/p><p>\u00b7 A cidade \u00e9 acess\u00edvel de forma f\u00e1cil e frequente por transporte a\u00e9reo\/terrestre.<\/p><p>\u00b7 O custo prov\u00e1vel de participa\u00e7\u00e3o no Congresso \u00e9 aceit\u00e1vel para potenciais delegados.<\/p><p> <\/p><p><strong>Rota\u00e7\u00e3o Geogr\u00e1fica<\/strong><\/p><p>A AORTIC esfor\u00e7a-se por acolher a confer\u00eancia em todas as diferentes sub-regi\u00f5es de \u00c1frica durante o per\u00edodo de alguns anos. No entanto, n\u00e3o existe uma rota\u00e7\u00e3o estrita. <\/p>\t\t\t\t\t\t\t\t<\/div>\n\t\t\t\t\t<\/div>\n\t\t\t\t<\/div>\n\t\t<div class=\"elementor-element elementor-element-2a44a33 e-flex e-con-boxed e-con e-parent\" data-id=\"2a44a33\" data-element_type=\"container\" data-e-type=\"container\" data-settings=\"{&quot;jet_parallax_layout_list&quot;:[]}\">\n\t\t\t\t\t<div class=\"e-con-inner\">\n\t\t\t\t<div class=\"elementor-element elementor-element-0fd5ebd elementor-widget elementor-widget-heading\" data-id=\"0fd5ebd\" data-element_type=\"widget\" data-e-type=\"widget\" data-widget_type=\"heading.default\">\n\t\t\t\t\t<h2 class=\"elementor-heading-title elementor-size-default\">Convite para manifesta\u00e7\u00f5es de interesse para a pr\u00f3xima confer\u00eancia<\/h2>\t\t\t\t<\/div>\n\t\t\t\t<div class=\"elementor-element elementor-element-a80bfd1 elementor-widget elementor-widget-text-editor\" data-id=\"a80bfd1\" data-element_type=\"widget\" data-e-type=\"widget\" data-widget_type=\"text-editor.default\">\n\t\t\t\t\t\t\t\t\t<p>O pr\u00f3ximo convite para manifesta\u00e7\u00f5es de interesse \u00e9 para a confer\u00eancia da AORTIC planeada para novembro de 2029.<\/p><p>Detalhes sobre o processo a serem adicionados em 2026<\/p>\t\t\t\t\t\t\t\t<\/div>\n\t\t\t\t\t<\/div>\n\t\t\t\t<\/div>\n\t\t\t\t<\/div>\n\t\t","protected":false},"excerpt":{"rendered":"<p>Sobre A AORTIC orgulha-se de promover uma confer\u00eancia bienal. Recordamos um hist\u00f3rico consistente nesse sentido desde que a organiza\u00e7\u00e3o foi estabelecida na d\u00e9cada de 1980, tendo mesmo conseguido reunir-se virtualmente [&hellip;]<\/p>\n","protected":false},"author":4156,"featured_media":0,"parent":0,"menu_order":0,"comment_status":"closed","ping_status":"closed","template":"","meta":{"_acf_changed":false,"pmpro_default_level":"","footnotes":""},"class_list":["post-20124","page","type-page","status-publish","hentry","pmpro-has-access"],"acf":[],"yoast_head":"<!-- This site is optimized with the Yoast SEO plugin v27.3 - https:\/\/yoast.com\/product\/yoast-seo-wordpress\/ -->\n<title>Confer\u00eancia - AORTIC AFRICA<\/title>\n<meta name=\"robots\" content=\"index, follow, max-snippet:-1, max-image-preview:large, max-video-preview:-1\" \/>\n<link rel=\"canonical\" href=\"https:\/\/aortic-africa.org\/pt-pt\/conferencia\/\" \/>\n<meta property=\"og:locale\" content=\"pt_PT\" \/>\n<meta property=\"og:type\" content=\"article\" \/>\n<meta property=\"og:title\" content=\"Confer\u00eancia - AORTIC AFRICA\" \/>\n<meta property=\"og:description\" content=\"Sobre A AORTIC orgulha-se de promover uma confer\u00eancia bienal. Recordamos um hist\u00f3rico consistente nesse sentido desde que a organiza\u00e7\u00e3o foi estabelecida na d\u00e9cada de 1980, tendo mesmo conseguido reunir-se virtualmente [&hellip;]\" \/>\n<meta property=\"og:url\" content=\"https:\/\/aortic-africa.org\/pt-pt\/conferencia\/\" \/>\n<meta property=\"og:site_name\" content=\"AORTIC AFRICA\" \/>\n<meta property=\"article:publisher\" content=\"https:\/\/www.facebook.com\/Aortic.Africa\/\" \/>\n<meta property=\"article:modified_time\" content=\"2026-01-26T10:20:49+00:00\" \/>\n<meta property=\"og:image\" content=\"https:\/\/dev.aortic-africa.org\/wp-content\/uploads\/2026\/01\/AORTIC-2025-1536x864-1-300x169.jpg\" \/>\n<meta name=\"twitter:card\" content=\"summary_large_image\" \/>\n<meta name=\"twitter:site\" content=\"@aortic_africa\" \/>\n<meta name=\"twitter:label1\" content=\"Tempo estimado de leitura\" \/>\n\t<meta name=\"twitter:data1\" content=\"4 minutos\" \/>\n<script type=\"application\/ld+json\" class=\"yoast-schema-graph\">{\"@context\":\"https:\\\/\\\/schema.org\",\"@graph\":[{\"@type\":\"WebPage\",\"@id\":\"https:\\\/\\\/aortic-africa.org\\\/pt-pt\\\/conferencia\\\/\",\"url\":\"https:\\\/\\\/aortic-africa.org\\\/pt-pt\\\/conferencia\\\/\",\"name\":\"Confer\u00eancia - AORTIC AFRICA\",\"isPartOf\":{\"@id\":\"https:\\\/\\\/aortic-africa.org\\\/#website\"},\"primaryImageOfPage\":{\"@id\":\"https:\\\/\\\/aortic-africa.org\\\/pt-pt\\\/conferencia\\\/#primaryimage\"},\"image\":{\"@id\":\"https:\\\/\\\/aortic-africa.org\\\/pt-pt\\\/conferencia\\\/#primaryimage\"},\"thumbnailUrl\":\"https:\\\/\\\/dev.aortic-africa.org\\\/wp-content\\\/uploads\\\/2026\\\/01\\\/AORTIC-2025-1536x864-1-300x169.jpg\",\"datePublished\":\"2026-01-04T08:10:52+00:00\",\"dateModified\":\"2026-01-26T10:20:49+00:00\",\"breadcrumb\":{\"@id\":\"https:\\\/\\\/aortic-africa.org\\\/pt-pt\\\/conferencia\\\/#breadcrumb\"},\"inLanguage\":\"pt-PT\",\"potentialAction\":[{\"@type\":\"ReadAction\",\"target\":[\"https:\\\/\\\/aortic-africa.org\\\/pt-pt\\\/conferencia\\\/\"]}]},{\"@type\":\"ImageObject\",\"inLanguage\":\"pt-PT\",\"@id\":\"https:\\\/\\\/aortic-africa.org\\\/pt-pt\\\/conferencia\\\/#primaryimage\",\"url\":\"https:\\\/\\\/dev.aortic-africa.org\\\/wp-content\\\/uploads\\\/2026\\\/01\\\/AORTIC-2025-1536x864-1-300x169.jpg\",\"contentUrl\":\"https:\\\/\\\/dev.aortic-africa.org\\\/wp-content\\\/uploads\\\/2026\\\/01\\\/AORTIC-2025-1536x864-1-300x169.jpg\"},{\"@type\":\"BreadcrumbList\",\"@id\":\"https:\\\/\\\/aortic-africa.org\\\/pt-pt\\\/conferencia\\\/#breadcrumb\",\"itemListElement\":[{\"@type\":\"ListItem\",\"position\":1,\"name\":\"Home\",\"item\":\"https:\\\/\\\/aortic-africa.org\\\/pt-pt\\\/\"},{\"@type\":\"ListItem\",\"position\":2,\"name\":\"Confer\u00eancia\"}]},{\"@type\":\"WebSite\",\"@id\":\"https:\\\/\\\/aortic-africa.org\\\/#website\",\"url\":\"https:\\\/\\\/aortic-africa.org\\\/\",\"name\":\"AORTIC AFRICA\",\"description\":\"African Organization for Research &amp; Training in Cancer\",\"publisher\":{\"@id\":\"https:\\\/\\\/aortic-africa.org\\\/#organization\"},\"alternateName\":\"African Organization for Research & Training in Cancer\",\"potentialAction\":[{\"@type\":\"SearchAction\",\"target\":{\"@type\":\"EntryPoint\",\"urlTemplate\":\"https:\\\/\\\/aortic-africa.org\\\/?s={search_term_string}\"},\"query-input\":{\"@type\":\"PropertyValueSpecification\",\"valueRequired\":true,\"valueName\":\"search_term_string\"}}],\"inLanguage\":\"pt-PT\"},{\"@type\":\"Organization\",\"@id\":\"https:\\\/\\\/aortic-africa.org\\\/#organization\",\"name\":\"African Organisation for Research & Training in Cancer\",\"url\":\"https:\\\/\\\/aortic-africa.org\\\/\",\"logo\":{\"@type\":\"ImageObject\",\"inLanguage\":\"pt-PT\",\"@id\":\"https:\\\/\\\/aortic-africa.org\\\/#\\\/schema\\\/logo\\\/image\\\/\",\"url\":\"https:\\\/\\\/aortic-africa.org\\\/wp-content\\\/uploads\\\/2025\\\/09\\\/AORTIC-logoaortic.svg\",\"contentUrl\":\"https:\\\/\\\/aortic-africa.org\\\/wp-content\\\/uploads\\\/2025\\\/09\\\/AORTIC-logoaortic.svg\",\"width\":333,\"height\":172,\"caption\":\"African Organisation for Research & Training in Cancer\"},\"image\":{\"@id\":\"https:\\\/\\\/aortic-africa.org\\\/#\\\/schema\\\/logo\\\/image\\\/\"},\"sameAs\":[\"https:\\\/\\\/www.facebook.com\\\/Aortic.Africa\\\/\",\"https:\\\/\\\/x.com\\\/aortic_africa\",\"https:\\\/\\\/www.linkedin.com\\\/in\\\/aortic-africa-75313938\\\/\",\"https:\\\/\\\/www.youtube.com\\\/channel\\\/UC__H8k770TNa8UW_c9X_EdA\\\/\"]}]}<\/script>\n<!-- \/ Yoast SEO plugin. -->","yoast_head_json":{"title":"Confer\u00eancia - AORTIC AFRICA","robots":{"index":"index","follow":"follow","max-snippet":"max-snippet:-1","max-image-preview":"max-image-preview:large","max-video-preview":"max-video-preview:-1"},"canonical":"https:\/\/aortic-africa.org\/pt-pt\/conferencia\/","og_locale":"pt_PT","og_type":"article","og_title":"Confer\u00eancia - AORTIC AFRICA","og_description":"Sobre A AORTIC orgulha-se de promover uma confer\u00eancia bienal. Recordamos um hist\u00f3rico consistente nesse sentido desde que a organiza\u00e7\u00e3o foi estabelecida na d\u00e9cada de 1980, tendo mesmo conseguido reunir-se virtualmente [&hellip;]","og_url":"https:\/\/aortic-africa.org\/pt-pt\/conferencia\/","og_site_name":"AORTIC AFRICA","article_publisher":"https:\/\/www.facebook.com\/Aortic.Africa\/","article_modified_time":"2026-01-26T10:20:49+00:00","og_image":[{"url":"https:\/\/dev.aortic-africa.org\/wp-content\/uploads\/2026\/01\/AORTIC-2025-1536x864-1-300x169.jpg","type":"","width":"","height":""}],"twitter_card":"summary_large_image","twitter_site":"@aortic_africa","twitter_misc":{"Tempo estimado de leitura":"4 minutos"},"schema":{"@context":"https:\/\/schema.org","@graph":[{"@type":"WebPage","@id":"https:\/\/aortic-africa.org\/pt-pt\/conferencia\/","url":"https:\/\/aortic-africa.org\/pt-pt\/conferencia\/","name":"Confer\u00eancia - AORTIC AFRICA","isPartOf":{"@id":"https:\/\/aortic-africa.org\/#website"},"primaryImageOfPage":{"@id":"https:\/\/aortic-africa.org\/pt-pt\/conferencia\/#primaryimage"},"image":{"@id":"https:\/\/aortic-africa.org\/pt-pt\/conferencia\/#primaryimage"},"thumbnailUrl":"https:\/\/dev.aortic-africa.org\/wp-content\/uploads\/2026\/01\/AORTIC-2025-1536x864-1-300x169.jpg","datePublished":"2026-01-04T08:10:52+00:00","dateModified":"2026-01-26T10:20:49+00:00","breadcrumb":{"@id":"https:\/\/aortic-africa.org\/pt-pt\/conferencia\/#breadcrumb"},"inLanguage":"pt-PT","potentialAction":[{"@type":"ReadAction","target":["https:\/\/aortic-africa.org\/pt-pt\/conferencia\/"]}]},{"@type":"ImageObject","inLanguage":"pt-PT","@id":"https:\/\/aortic-africa.org\/pt-pt\/conferencia\/#primaryimage","url":"https:\/\/dev.aortic-africa.org\/wp-content\/uploads\/2026\/01\/AORTIC-2025-1536x864-1-300x169.jpg","contentUrl":"https:\/\/dev.aortic-africa.org\/wp-content\/uploads\/2026\/01\/AORTIC-2025-1536x864-1-300x169.jpg"},{"@type":"BreadcrumbList","@id":"https:\/\/aortic-africa.org\/pt-pt\/conferencia\/#breadcrumb","itemListElement":[{"@type":"ListItem","position":1,"name":"Home","item":"https:\/\/aortic-africa.org\/pt-pt\/"},{"@type":"ListItem","position":2,"name":"Confer\u00eancia"}]},{"@type":"WebSite","@id":"https:\/\/aortic-africa.org\/#website","url":"https:\/\/aortic-africa.org\/","name":"AORTIC AFRICA","description":"African Organization for Research &amp; Training in Cancer","publisher":{"@id":"https:\/\/aortic-africa.org\/#organization"},"alternateName":"African Organization for Research & Training in Cancer","potentialAction":[{"@type":"SearchAction","target":{"@type":"EntryPoint","urlTemplate":"https:\/\/aortic-africa.org\/?s={search_term_string}"},"query-input":{"@type":"PropertyValueSpecification","valueRequired":true,"valueName":"search_term_string"}}],"inLanguage":"pt-PT"},{"@type":"Organization","@id":"https:\/\/aortic-africa.org\/#organization","name":"African Organisation for Research & Training in Cancer","url":"https:\/\/aortic-africa.org\/","logo":{"@type":"ImageObject","inLanguage":"pt-PT","@id":"https:\/\/aortic-africa.org\/#\/schema\/logo\/image\/","url":"https:\/\/aortic-africa.org\/wp-content\/uploads\/2025\/09\/AORTIC-logoaortic.svg","contentUrl":"https:\/\/aortic-africa.org\/wp-content\/uploads\/2025\/09\/AORTIC-logoaortic.svg","width":333,"height":172,"caption":"African Organisation for Research & Training in Cancer"},"image":{"@id":"https:\/\/aortic-africa.org\/#\/schema\/logo\/image\/"},"sameAs":["https:\/\/www.facebook.com\/Aortic.Africa\/","https:\/\/x.com\/aortic_africa","https:\/\/www.linkedin.com\/in\/aortic-africa-75313938\/","https:\/\/www.youtube.com\/channel\/UC__H8k770TNa8UW_c9X_EdA\/"]}]}},"_links":{"self":[{"href":"https:\/\/aortic-africa.org\/pt-pt\/wp-json\/wp\/v2\/pages\/20124","targetHints":{"allow":["GET"]}}],"collection":[{"href":"https:\/\/aortic-africa.org\/pt-pt\/wp-json\/wp\/v2\/pages"}],"about":[{"href":"https:\/\/aortic-africa.org\/pt-pt\/wp-json\/wp\/v2\/types\/page"}],"author":[{"embeddable":true,"href":"https:\/\/aortic-africa.org\/pt-pt\/wp-json\/wp\/v2\/users\/4156"}],"replies":[{"embeddable":true,"href":"https:\/\/aortic-africa.org\/pt-pt\/wp-json\/wp\/v2\/comments?post=20124"}],"version-history":[{"count":1,"href":"https:\/\/aortic-africa.org\/pt-pt\/wp-json\/wp\/v2\/pages\/20124\/revisions"}],"predecessor-version":[{"id":20128,"href":"https:\/\/aortic-africa.org\/pt-pt\/wp-json\/wp\/v2\/pages\/20124\/revisions\/20128"}],"wp:attachment":[{"href":"https:\/\/aortic-africa.org\/pt-pt\/wp-json\/wp\/v2\/media?parent=20124"}],"curies":[{"name":"wp","href":"https:\/\/api.w.org\/{rel}","templated":true}]}}